{"id":118,"date":"2011-12-27T15:23:12","date_gmt":"2011-12-27T15:23:12","guid":{"rendered":"http:\/\/www.aiasport.it\/?page_id=118"},"modified":"2024-04-02T20:03:51","modified_gmt":"2024-04-02T20:03:51","slug":"gli-animali","status":"publish","type":"page","link":"https:\/\/www.aiasport.it\/index.php\/gli-animali\/","title":{"rendered":"I nostri cavalli"},"content":{"rendered":"\n<h3 class=\"wp-block-heading\"><strong>Ecco i nostri fantastici colleghi a 4 zampe, senza i quali il nostro lavoro non sarebbe possibile:<\/strong><\/h3>\n\n\n\n<div class=\"wp-block-image\"><figure class=\"alignleft size-full is-resized\"><img loading=\"lazy\" decoding=\"async\" src=\"https:\/\/www.aiasport.it\/wp-content\/uploads\/2024\/02\/Spillo.jpg\" alt=\"\" class=\"wp-image-6233\" width=\"253\" height=\"379\" srcset=\"https:\/\/www.aiasport.it\/wp-content\/uploads\/2024\/02\/Spillo.jpg 567w, https:\/\/www.aiasport.it\/wp-content\/uploads\/2024\/02\/Spillo-100x150.jpg 100w\" sizes=\"(max-width: 253px) 100vw, 253px\" \/><\/figure><\/div>\n\n\n\n<h3 class=\"has-larger-font-size wp-block-heading\"><strong>SPILLO:<\/strong><\/h3>\n\n\n\n<p>Cavallo di razza Bardigiana, nato nel 2006, proviene da un allevamento della provincia di Parma dove ha ricevuto un ottimo addestramento. <\/p>\n\n\n\n<p>E\u2019 un cavallo affidabile, molto paziente e sensibile alle richieste del cavaliere.\u00a0 <\/p>\n\n\n\n<p>E\u2019 attivo e vivace, ama essere accarezzato e soprattutto essere premiato con mele e carote.<\/p>\n\n\n\n<p>Grazie alla sua versatilit\u00e0, \u00e8 bravo sia\u00a0\u00a0nel lavoro con i bambini alle prime armi, che con i ragazzi pi\u00f9 esperti (dove emerge il suo addestramento nel lavoro in piano); ad oggi \u00e8\u00a0 il nostro cavallo pi\u00f9 esperto, adatto ai bambini in modo particolare, vista la sua struttura.<\/p>\n\n\n\n<p><\/p>\n\n\n\n<p><\/p>\n\n\n\n<p><\/p>\n\n\n\n<p><\/p>\n\n\n\n<p><\/p>\n\n\n\n<div style=\"height:10px\" aria-hidden=\"true\" class=\"wp-block-spacer\"><\/div>\n\n\n\n<div class=\"wp-block-image\"><figure class=\"alignleft size-large is-resized\"><img loading=\"lazy\" decoding=\"async\" src=\"https:\/\/www.aiasport.it\/wp-content\/uploads\/2024\/02\/Scheggia-3-950x1428.jpg\" alt=\"\" class=\"wp-image-6236\" width=\"255\" height=\"383\" srcset=\"https:\/\/www.aiasport.it\/wp-content\/uploads\/2024\/02\/Scheggia-3-950x1428.jpg 950w, https:\/\/www.aiasport.it\/wp-content\/uploads\/2024\/02\/Scheggia-3-590x887.jpg 590w, https:\/\/www.aiasport.it\/wp-content\/uploads\/2024\/02\/Scheggia-3-100x150.jpg 100w, https:\/\/www.aiasport.it\/wp-content\/uploads\/2024\/02\/Scheggia-3-768x1154.jpg 768w, https:\/\/www.aiasport.it\/wp-content\/uploads\/2024\/02\/Scheggia-3-1022x1536.jpg 1022w, https:\/\/www.aiasport.it\/wp-content\/uploads\/2024\/02\/Scheggia-3-1363x2048.jpg 1363w, https:\/\/www.aiasport.it\/wp-content\/uploads\/2024\/02\/Scheggia-3-870x1308.jpg 870w, https:\/\/www.aiasport.it\/wp-content\/uploads\/2024\/02\/Scheggia-3-scaled.jpg 1703w\" sizes=\"(max-width: 255px) 100vw, 255px\" \/><\/figure><\/div>\n\n\n\n<p class=\"has-larger-font-size\"><strong>SCHEGGIA<\/strong>:<\/p>\n\n\n\n<p>Nata nel 2010, di razza&nbsp; TPR mista a Murgese, ha un carattere docile e generoso, paziente ma curiosa, elegante e vivace nella sua possenza.<\/p>\n\n\n\n<p>Dimostra una buona attitudine al lavoro, viene utilizzata nel maternage con i bimbi pi\u00f9 piccoli e con le disabilit\u00e0 pi\u00f9 gravi. <\/p>\n\n\n\n<p>E\u2019 una cavalla paziente ma con carattere, dimostrandosi a volte un po\u2019 pasticciona.<\/p>\n\n\n\n<p><\/p>\n\n\n\n<p class=\"has-text-align-left\">&nbsp;&nbsp;<\/p>\n\n\n\n<div style=\"height:10px\" aria-hidden=\"true\" class=\"wp-block-spacer\"><\/div>\n\n\n\n<div class=\"wp-block-image\"><figure class=\"alignleft size-full is-resized\"><img loading=\"lazy\" decoding=\"async\" src=\"https:\/\/www.aiasport.it\/wp-content\/uploads\/2024\/02\/Fulmine_2.jpg\" alt=\"\" class=\"wp-image-6239\" width=\"260\" height=\"391\" srcset=\"https:\/\/www.aiasport.it\/wp-content\/uploads\/2024\/02\/Fulmine_2.jpg 629w, https:\/\/www.aiasport.it\/wp-content\/uploads\/2024\/02\/Fulmine_2-590x886.jpg 590w, https:\/\/www.aiasport.it\/wp-content\/uploads\/2024\/02\/Fulmine_2-100x150.jpg 100w\" sizes=\"(max-width: 260px) 100vw, 260px\" \/><\/figure><\/div>\n\n\n\n<p class=\"has-larger-font-size\"><strong>FULMINE<\/strong>:<\/p>\n\n\n\n<p>Cavallo&nbsp; di razza Bardigiana, nato nel 2010, \u00e8 un collega molto affidabile, non ha paura di niente, \u00e8 capace di adattarsi a qualsiasi situazione; sa essere paziente ma anche esuberante, non ama annoiarsi\u2026 Non \u00e8 insolita qualche piccola intemperanza, butta a terra cassettine per la pulizia, \u00e8 goloso e molto&nbsp; espressivo! Il cavallo ideale per cavalieri e amazzoni principianti.<\/p>\n\n\n\n<p><\/p>\n\n\n\n<p><\/p>\n\n\n\n<p><\/p>\n\n\n\n<p><\/p>\n\n\n\n<p><\/p>\n\n\n\n<div style=\"height:10px\" aria-hidden=\"true\" class=\"wp-block-spacer\"><\/div>\n\n\n\n<div class=\"wp-block-image\"><figure class=\"alignleft size-full is-resized\"><img loading=\"lazy\" decoding=\"async\" src=\"https:\/\/www.aiasport.it\/wp-content\/uploads\/2024\/02\/Lina2.jpg\" alt=\"\" class=\"wp-image-6240\" width=\"259\" height=\"389\" srcset=\"https:\/\/www.aiasport.it\/wp-content\/uploads\/2024\/02\/Lina2.jpg 566w, https:\/\/www.aiasport.it\/wp-content\/uploads\/2024\/02\/Lina2-100x150.jpg 100w\" sizes=\"(max-width: 259px) 100vw, 259px\" \/><\/figure><\/div>\n\n\n\n<p class=\"has-larger-font-size\"><strong>LINA:<\/strong><\/p>\n\n\n\n<p>Cavalla Baia di razza meticcia, \u00e8 nata nel 2012. Ha gli occhi pi\u00f9 espressivi di tutta Aiasport, le sue orecchie grandi sempre in movimento, attenta a qualsiasi cosa le stia attorno, sembra ascoltare costantemente l\u2019istruttore di riferimento.<\/p>\n\n\n\n<p>E\u2019 una cavalla fortemente empatica e molto affettuosa; trascorrerebbe le giornate a dispensare coccole a tutti! Lina \u00e8 la cavalla pi\u00f9 alta del gruppo, maggiormente adatta a cavalieri pi\u00f9 esperti.<\/p>\n\n\n\n<p><\/p>\n\n\n\n<p><\/p>\n\n\n\n<p><\/p>\n\n\n\n<p><\/p>\n\n\n\n<div style=\"height:11px\" aria-hidden=\"true\" class=\"wp-block-spacer\"><\/div>\n\n\n\n<div class=\"wp-block-image\"><figure class=\"alignleft size-full is-resized\"><img loading=\"lazy\" decoding=\"async\" src=\"https:\/\/www.aiasport.it\/wp-content\/uploads\/2024\/02\/Gaia.jpg\" alt=\"\" class=\"wp-image-6241\" width=\"276\" height=\"414\" srcset=\"https:\/\/www.aiasport.it\/wp-content\/uploads\/2024\/02\/Gaia.jpg 566w, https:\/\/www.aiasport.it\/wp-content\/uploads\/2024\/02\/Gaia-100x150.jpg 100w\" sizes=\"(max-width: 276px) 100vw, 276px\" \/><\/figure><\/div>\n\n\n\n<p class=\"has-larger-font-size\"><strong>GAIA:<\/strong><\/p>\n\n\n\n<p>Cavalla di razza Merens nata nel 2016, ha il mantello nero nero e lucido, una piccola macchia nera sulla fronte e due occhi dolcissimi.<\/p>\n\n\n\n<p>Ha un carattere forte e deciso, \u00e8 allo stesso tempo determinata e vivace con i ragazzi pi\u00f9 esperti e tenerissima con i bambini (anche lei \u00e8 stata mamma quindi riconosce i cuccioli). \u00c8 anche una gran golosona, mangerebbe sempre carote &nbsp;per cui appena ne vede una da lontano si fa subito sentire!<\/p>\n\n\n\n<p>\u00c8 con noi dalla fine del 2022 e sta diventando sempre pi\u00f9 un valido aiuto nella squadra dei cavalli Aiasport.<\/p>\n\n\n\n<p><\/p>\n\n\n\n<p><\/p>\n\n\n\n<p><\/p>\n\n\n\n<div style=\"height:11px\" aria-hidden=\"true\" class=\"wp-block-spacer\"><\/div>\n\n\n\n<div class=\"wp-block-image\"><figure class=\"alignleft size-full is-resized\"><img loading=\"lazy\" decoding=\"async\" src=\"https:\/\/www.aiasport.it\/wp-content\/uploads\/2024\/02\/Sergio_2.jpg\" alt=\"\" class=\"wp-image-6247\" width=\"275\" height=\"413\" srcset=\"https:\/\/www.aiasport.it\/wp-content\/uploads\/2024\/02\/Sergio_2.jpg 614w, https:\/\/www.aiasport.it\/wp-content\/uploads\/2024\/02\/Sergio_2-590x887.jpg 590w, https:\/\/www.aiasport.it\/wp-content\/uploads\/2024\/02\/Sergio_2-100x150.jpg 100w\" sizes=\"(max-width: 275px) 100vw, 275px\" \/><\/figure><\/div>\n\n\n\n<p class=\"has-larger-font-size\"><strong>SERGIO<\/strong><\/p>\n\n\n\n<p>Cavallo meticcio nato nel 2019, arrivato da noi nel novembre 2022.<\/p>\n\n\n\n<p>\u00c8 il piccolo del gruppo, quando \u00e8 arrivato da noi era poco pi\u00f9 che un puledro, dalla corporatura ancora piccola ed esile&#8230; poi nei mesi trascorsi con noi \u00e8 cresciuto, fino a diventare un cavallo forte e robusto.<\/p>\n\n\n\n<p>Ha un carattere meraviglioso, dolce, tranquillo, coraggioso; non si tira mai indietro n\u00e9 nel lavoro con i bambini n\u00e9 con il gruppo sportivo&#8230;<\/p>\n\n\n\n<p>Insomma in poco tempo \u00e8 diventato il nostro Sergio: il biondo che fa impazzire il mondo!<\/p>\n","protected":false},"excerpt":{"rendered":"<p>Ecco i nostri fantastici colleghi a 4 zampe, senza i quali il nostro lavoro non sarebbe possibile: SPILLO: Cavallo di razza Bardigiana, nato nel 2006, proviene da un allevamento della provincia di Parma dove ha ricevuto un ottimo addestramento. E\u2019 un cavallo affidabile, molto paziente e sensibile alle richieste del cavaliere.\u00a0 E\u2019 attivo e vivace, &hellip; <\/p>\n<p><a class=\"more-link btn\" href=\"https:\/\/www.aiasport.it\/index.php\/gli-animali\/\">Continua a leggere<\/a><\/p>\n","protected":false},"author":1,"featured_media":6480,"parent":0,"menu_order":0,"comment_status":"open","ping_status":"open","template":"template-onecolumn.php","meta":{"footnotes":""},"_links":{"self":[{"href":"https:\/\/www.aiasport.it\/index.php\/wp-json\/wp\/v2\/pages\/118"}],"collection":[{"href":"https:\/\/www.aiasport.it\/index.php\/wp-json\/wp\/v2\/pages"}],"about":[{"href":"https:\/\/www.aiasport.it\/index.php\/wp-json\/wp\/v2\/types\/page"}],"author":[{"embeddable":true,"href":"https:\/\/www.aiasport.it\/index.php\/wp-json\/wp\/v2\/users\/1"}],"replies":[{"embeddable":true,"href":"https:\/\/www.aiasport.it\/index.php\/wp-json\/wp\/v2\/comments?post=118"}],"version-history":[{"count":37,"href":"https:\/\/www.aiasport.it\/index.php\/wp-json\/wp\/v2\/pages\/118\/revisions"}],"predecessor-version":[{"id":6316,"href":"https:\/\/www.aiasport.it\/index.php\/wp-json\/wp\/v2\/pages\/118\/revisions\/6316"}],"wp:featuredmedia":[{"embeddable":true,"href":"https:\/\/www.aiasport.it\/index.php\/wp-json\/wp\/v2\/media\/6480"}],"wp:attachment":[{"href":"https:\/\/www.aiasport.it\/index.php\/wp-json\/wp\/v2\/media?parent=118"}],"curies":[{"name":"wp","href":"https:\/\/api.w.org\/{rel}","templated":true}]}}